{"id":2482,"date":"2024-12-19T16:02:52","date_gmt":"2024-12-19T16:02:52","guid":{"rendered":"https:\/\/www.cuboshomes.com\/blog\/?page_id=2482"},"modified":"2025-02-18T09:05:52","modified_gmt":"2025-02-18T09:05:52","slug":"cubos-home-blog-vacances-sur-la-costa-del-sol","status":"publish","type":"page","link":"https:\/\/www.cuboshomes.com\/blog\/fr\/","title":{"rendered":"Cubos Home Blog : Vacances sur la Costa del Sol"},"content":{"rendered":"\t\t<div data-elementor-type=\"wp-post\" data-elementor-id=\"2482\" class=\"elementor elementor-2482 elementor-2191\" data-elementor-post-type=\"page\">\n\t\t\t\t<div class=\"elementor-element elementor-element-ec47224 e-flex e-con-boxed e-con e-parent\" data-id=\"ec47224\" data-element_type=\"container\" data-e-type=\"container\">\n\t\t\t\t\t<div class=\"e-con-inner\">\n\t\t\t\t<div class=\"elementor-element elementor-element-a06b9d0 elementor-view-default elementor-widget elementor-widget-icon\" data-id=\"a06b9d0\" data-element_type=\"widget\" data-e-type=\"widget\" data-widget_type=\"icon.default\">\n\t\t\t\t<div class=\"elementor-widget-container\">\n\t\t\t\t\t\t\t<div class=\"elementor-icon-wrapper\">\n\t\t\t<div class=\"elementor-icon\">\n\t\t\t<svg aria-hidden=\"true\" class=\"e-font-icon-svg e-fas-umbrella-beach\" viewBox=\"0 0 640 512\" xmlns=\"http:\/\/www.w3.org\/2000\/svg\"><path d=\"M115.38 136.9l102.11 37.18c35.19-81.54 86.21-144.29 139-173.7-95.88-4.89-188.78 36.96-248.53 111.8-6.69 8.4-2.66 21.05 7.42 24.72zm132.25 48.16l238.48 86.83c35.76-121.38 18.7-231.66-42.63-253.98-7.4-2.7-15.13-4-23.09-4-58.02.01-128.27 69.17-172.76 171.15zM521.48 60.5c6.22 16.3 10.83 34.6 13.2 55.19 5.74 49.89-1.42 108.23-18.95 166.98l102.62 37.36c10.09 3.67 21.31-3.43 21.57-14.17 2.32-95.69-41.91-187.44-118.44-245.36zM560 447.98H321.06L386 269.5l-60.14-21.9-72.9 200.37H16c-8.84 0-16 7.16-16 16.01v32.01C0 504.83 7.16 512 16 512h544c8.84 0 16-7.17 16-16.01v-32.01c0-8.84-7.16-16-16-16z\"><\/path><\/svg>\t\t\t<\/div>\n\t\t<\/div>\n\t\t\t\t\t\t<\/div>\n\t\t\t\t<\/div>\n\t\t\t\t\t<\/div>\n\t\t\t\t<\/div>\n\t\t<div class=\"elementor-element elementor-element-e49251f e-flex e-con-boxed e-con e-parent\" data-id=\"e49251f\" data-element_type=\"container\" data-e-type=\"container\">\n\t\t\t\t\t<div class=\"e-con-inner\">\n\t\t\t\t<div class=\"elementor-element elementor-element-b3bce89 elementor-widget elementor-widget-heading\" data-id=\"b3bce89\" data-element_type=\"widget\" data-e-type=\"widget\" data-widget_type=\"heading.default\">\n\t\t\t\t<div class=\"elementor-widget-container\">\n\t\t\t\t\t<h2 class=\"elementor-heading-title elementor-size-default\">Cubo's Holiday Homes: Leader de la location de vacances dans le sud de l'Andalousie<\/h2>\t\t\t\t<\/div>\n\t\t\t\t<\/div>\n\t\t\t\t<div class=\"elementor-element elementor-element-b50ec94 elementor-widget elementor-widget-text-editor\" data-id=\"b50ec94\" data-element_type=\"widget\" data-e-type=\"widget\" data-widget_type=\"text-editor.default\">\n\t\t\t\t<div class=\"elementor-widget-container\">\n\t\t\t\t\t\t\t\t\t<p>Le sud de l&#8217;Espagne est l&#8217;une des destinations les plus pris\u00e9es pour profiter de vacances inoubliables, gr\u00e2ce \u00e0 son climat privil\u00e9gi\u00e9, ses plages spectaculaires et sa riche culture. Chez Cubo&#8217;s Holiday Homes, nous nous sp\u00e9cialisons dans la location de logements de vacances alliant confort, style et emplacement strat\u00e9gique pour vous permettre de profiter pleinement de tout ce que cette r\u00e9gion a \u00e0 offrir.<\/p>\t\t\t\t\t\t\t\t<\/div>\n\t\t\t\t<\/div>\n\t\t\t\t\t<\/div>\n\t\t\t\t<\/div>\n\t\t<div class=\"elementor-element elementor-element-c8d8720 e-flex e-con-boxed e-con e-parent\" data-id=\"c8d8720\" data-element_type=\"container\" data-e-type=\"container\">\n\t\t\t\t\t<div class=\"e-con-inner\">\n\t\t\t\t<div class=\"elementor-element elementor-element-e1f977c elementor-grid-3 elementor-grid-tablet-2 elementor-grid-mobile-1 elementor-posts--thumbnail-top elementor-card-shadow-yes elementor-posts__hover-gradient load-more-align-center elementor-widget elementor-widget-posts\" data-id=\"e1f977c\" data-element_type=\"widget\" data-e-type=\"widget\" data-settings=\"{&quot;pagination_type&quot;:&quot;load_more_on_click&quot;,&quot;cards_columns&quot;:&quot;3&quot;,&quot;cards_columns_tablet&quot;:&quot;2&quot;,&quot;cards_columns_mobile&quot;:&quot;1&quot;,&quot;cards_row_gap&quot;:{&quot;unit&quot;:&quot;px&quot;,&quot;size&quot;:35,&quot;sizes&quot;:[]},&quot;cards_row_gap_tablet&quot;:{&quot;unit&quot;:&quot;px&quot;,&quot;size&quot;:&quot;&quot;,&quot;sizes&quot;:[]},&quot;cards_row_gap_mobile&quot;:{&quot;unit&quot;:&quot;px&quot;,&quot;size&quot;:&quot;&quot;,&quot;sizes&quot;:[]},&quot;load_more_spinner&quot;:{&quot;value&quot;:&quot;fas fa-spinner&quot;,&quot;library&quot;:&quot;fa-solid&quot;}}\" data-widget_type=\"posts.cards\">\n\t\t\t\t<div class=\"elementor-widget-container\">\n\t\t\t\t\t\t\t<div class=\"elementor-posts-container elementor-posts elementor-posts--skin-cards elementor-grid\" role=\"list\">\n\t\t\t\t<article class=\"elementor-post elementor-grid-item post-5432 post type-post status-publish format-standard has-post-thumbnail hentry category-cultura-fr category-ocio-fr category-gastronomy-fr category-historia-fr category-le-guide-du-voyageur tag-cultura-fr tag-gastronomia-fr tag-semana-santa tag-turismo-fr\" role=\"listitem\">\n\t\t\t<div class=\"elementor-post__card\">\n\t\t\t\t<a class=\"elementor-post__thumbnail__link\" href=\"https:\/\/www.cuboshomes.com\/blog\/fr\/semana-santa-alhaurin-el-grande-2026-guide-fr\/\" tabindex=\"-1\" ><div class=\"elementor-post__thumbnail\"><img fetchpriority=\"high\" decoding=\"async\" width=\"1920\" height=\"650\" src=\"https:\/\/www.cuboshomes.com\/blog\/wp-content\/uploads\/2026\/03\/portada-v17.jpg\" class=\"attachment-2048x2048 size-2048x2048 wp-image-5612\" alt=\"\" srcset=\"https:\/\/www.cuboshomes.com\/blog\/wp-content\/uploads\/2026\/03\/portada-v17.jpg 1920w, https:\/\/www.cuboshomes.com\/blog\/wp-content\/uploads\/2026\/03\/portada-v17-300x102.jpg 300w, https:\/\/www.cuboshomes.com\/blog\/wp-content\/uploads\/2026\/03\/portada-v17-1024x347.jpg 1024w, https:\/\/www.cuboshomes.com\/blog\/wp-content\/uploads\/2026\/03\/portada-v17-768x260.jpg 768w, https:\/\/www.cuboshomes.com\/blog\/wp-content\/uploads\/2026\/03\/portada-v17-1536x520.jpg 1536w\" sizes=\"(max-width: 1920px) 100vw, 1920px\" \/><\/div><\/a>\n\t\t\t\t<div class=\"elementor-post__badge\">Culture<\/div>\n\t\t\t\t<div class=\"elementor-post__text\">\n\t\t\t\t<h3 class=\"elementor-post__title\">\n\t\t\t<a href=\"https:\/\/www.cuboshomes.com\/blog\/fr\/semana-santa-alhaurin-el-grande-2026-guide-fr\/\" >\n\t\t\t\tSemana Santa Alhaur\u00edn el Grande 2026 : Guide complet pour les touristes et les visiteurs\t\t\t<\/a>\n\t\t<\/h3>\n\t\t\t\t<\/div>\n\t\t\t\t<div class=\"elementor-post__meta-data\">\n\t\t\t\t\t<span class=\"elementor-post-date\">\n\t\t\t20 March, 2026\t\t<\/span>\n\t\t\t\t<\/div>\n\t\t\t\t\t<\/div>\n\t\t<\/article>\n\t\t\t\t<article class=\"elementor-post elementor-grid-item post-5138 post type-post status-publish format-standard has-post-thumbnail hentry category-alojamientos-fr category-lequipe-de-cubo category-proprietaires-fr tag-casa-rural tag-desayuno tag-equipo tag-evento tag-propietarios\" role=\"listitem\">\n\t\t\t<div class=\"elementor-post__card\">\n\t\t\t\t<a class=\"elementor-post__thumbnail__link\" href=\"https:\/\/www.cuboshomes.com\/blog\/fr\/rentabiliser-maison-rurale-malaga\/\" tabindex=\"-1\" ><div class=\"elementor-post__thumbnail\"><img decoding=\"async\" width=\"1920\" height=\"650\" src=\"https:\/\/www.cuboshomes.com\/blog\/wp-content\/uploads\/2026\/03\/portada-cerralba-blog.png\" class=\"attachment-2048x2048 size-2048x2048 wp-image-5106\" alt=\"\" srcset=\"https:\/\/www.cuboshomes.com\/blog\/wp-content\/uploads\/2026\/03\/portada-cerralba-blog.png 1920w, https:\/\/www.cuboshomes.com\/blog\/wp-content\/uploads\/2026\/03\/portada-cerralba-blog-300x102.png 300w, https:\/\/www.cuboshomes.com\/blog\/wp-content\/uploads\/2026\/03\/portada-cerralba-blog-1024x347.png 1024w, https:\/\/www.cuboshomes.com\/blog\/wp-content\/uploads\/2026\/03\/portada-cerralba-blog-768x260.png 768w, https:\/\/www.cuboshomes.com\/blog\/wp-content\/uploads\/2026\/03\/portada-cerralba-blog-1536x520.png 1536w\" sizes=\"(max-width: 1920px) 100vw, 1920px\" \/><\/div><\/a>\n\t\t\t\t<div class=\"elementor-post__badge\">H\u00e9bergement<\/div>\n\t\t\t\t<div class=\"elementor-post__text\">\n\t\t\t\t<h3 class=\"elementor-post__title\">\n\t\t\t<a href=\"https:\/\/www.cuboshomes.com\/blog\/fr\/rentabiliser-maison-rurale-malaga\/\" >\n\t\t\t\tComment rentabiliser une maison rurale \u00e0 Malaga : les cl\u00e9s de l&#8217;\u00e9v\u00e9nement de Cubo\u2019s Holiday Homes \u00e0 Cerralba\t\t\t<\/a>\n\t\t<\/h3>\n\t\t\t\t<\/div>\n\t\t\t\t<div class=\"elementor-post__meta-data\">\n\t\t\t\t\t<span class=\"elementor-post-date\">\n\t\t\t17 March, 2026\t\t<\/span>\n\t\t\t\t<\/div>\n\t\t\t\t\t<\/div>\n\t\t<\/article>\n\t\t\t\t<article class=\"elementor-post elementor-grid-item post-5016 post type-post status-publish format-standard has-post-thumbnail hentry category-cultura-fr category-ocio-fr category-gastronomy-fr category-le-guide-du-voyageur category-lugares-fr tag-cultura-fr tag-malaga-2-fr tag-semana-santa\" role=\"listitem\">\n\t\t\t<div class=\"elementor-post__card\">\n\t\t\t\t<a class=\"elementor-post__thumbnail__link\" href=\"https:\/\/www.cuboshomes.com\/blog\/fr\/semaine-sainte-malaga-2026\/\" tabindex=\"-1\" ><div class=\"elementor-post__thumbnail\"><img decoding=\"async\" width=\"1920\" height=\"650\" src=\"https:\/\/www.cuboshomes.com\/blog\/wp-content\/uploads\/2026\/03\/portada-semanasanta2.png\" class=\"attachment-2048x2048 size-2048x2048 wp-image-5004\" alt=\"Portada Semana Santa\" srcset=\"https:\/\/www.cuboshomes.com\/blog\/wp-content\/uploads\/2026\/03\/portada-semanasanta2.png 1920w, https:\/\/www.cuboshomes.com\/blog\/wp-content\/uploads\/2026\/03\/portada-semanasanta2-300x102.png 300w, https:\/\/www.cuboshomes.com\/blog\/wp-content\/uploads\/2026\/03\/portada-semanasanta2-1024x347.png 1024w, https:\/\/www.cuboshomes.com\/blog\/wp-content\/uploads\/2026\/03\/portada-semanasanta2-768x260.png 768w, https:\/\/www.cuboshomes.com\/blog\/wp-content\/uploads\/2026\/03\/portada-semanasanta2-1536x520.png 1536w\" sizes=\"(max-width: 1920px) 100vw, 1920px\" \/><\/div><\/a>\n\t\t\t\t<div class=\"elementor-post__badge\">Culture<\/div>\n\t\t\t\t<div class=\"elementor-post__text\">\n\t\t\t\t<h3 class=\"elementor-post__title\">\n\t\t\t<a href=\"https:\/\/www.cuboshomes.com\/blog\/fr\/semaine-sainte-malaga-2026\/\" >\n\t\t\t\tSemaine Sainte \u00e0 Malaga 2026 : Guide complet, horaires et itin\u00e9raires\t\t\t<\/a>\n\t\t<\/h3>\n\t\t\t\t<\/div>\n\t\t\t\t<div class=\"elementor-post__meta-data\">\n\t\t\t\t\t<span class=\"elementor-post-date\">\n\t\t\t4 March, 2026\t\t<\/span>\n\t\t\t\t<\/div>\n\t\t\t\t\t<\/div>\n\t\t<\/article>\n\t\t\t\t<article class=\"elementor-post elementor-grid-item post-4891 post type-post status-publish format-standard has-post-thumbnail hentry category-proprietaires-fr category-reglements-et-lois tag-propietarios tag-proteccion-de-datos tag-reglamentos\" role=\"listitem\">\n\t\t\t<div class=\"elementor-post__card\">\n\t\t\t\t<a class=\"elementor-post__thumbnail__link\" href=\"https:\/\/www.cuboshomes.com\/blog\/fr\/interdiction-cameras-logement-touristique\/\" tabindex=\"-1\" ><div class=\"elementor-post__thumbnail\"><img loading=\"lazy\" decoding=\"async\" width=\"1920\" height=\"650\" src=\"https:\/\/www.cuboshomes.com\/blog\/wp-content\/uploads\/2026\/03\/portada-camaras.png\" class=\"attachment-2048x2048 size-2048x2048 wp-image-4922\" alt=\"\" srcset=\"https:\/\/www.cuboshomes.com\/blog\/wp-content\/uploads\/2026\/03\/portada-camaras.png 1920w, https:\/\/www.cuboshomes.com\/blog\/wp-content\/uploads\/2026\/03\/portada-camaras-300x102.png 300w, https:\/\/www.cuboshomes.com\/blog\/wp-content\/uploads\/2026\/03\/portada-camaras-1024x347.png 1024w, https:\/\/www.cuboshomes.com\/blog\/wp-content\/uploads\/2026\/03\/portada-camaras-768x260.png 768w, https:\/\/www.cuboshomes.com\/blog\/wp-content\/uploads\/2026\/03\/portada-camaras-1536x520.png 1536w\" sizes=\"(max-width: 1920px) 100vw, 1920px\" \/><\/div><\/a>\n\t\t\t\t<div class=\"elementor-post__badge\">Propri\u00e9taires<\/div>\n\t\t\t\t<div class=\"elementor-post__text\">\n\t\t\t\t<h3 class=\"elementor-post__title\">\n\t\t\t<a href=\"https:\/\/www.cuboshomes.com\/blog\/fr\/interdiction-cameras-logement-touristique\/\" >\n\t\t\t\tInterdiction d\u2019installer des cam\u00e9ras de vid\u00e9osurveillance \u00e0 l\u2019int\u00e9rieur des logements touristiques\t\t\t<\/a>\n\t\t<\/h3>\n\t\t\t\t<\/div>\n\t\t\t\t<div class=\"elementor-post__meta-data\">\n\t\t\t\t\t<span class=\"elementor-post-date\">\n\t\t\t3 March, 2026\t\t<\/span>\n\t\t\t\t<\/div>\n\t\t\t\t\t<\/div>\n\t\t<\/article>\n\t\t\t\t<article class=\"elementor-post elementor-grid-item post-4801 post type-post status-publish format-standard has-post-thumbnail hentry category-alojamientos-fr category-proprietaires-fr\" role=\"listitem\">\n\t\t\t<div class=\"elementor-post__card\">\n\t\t\t\t<a class=\"elementor-post__thumbnail__link\" href=\"https:\/\/www.cuboshomes.com\/blog\/fr\/checklist-logement-touristique-gratuite\/\" tabindex=\"-1\" ><div class=\"elementor-post__thumbnail\"><img loading=\"lazy\" decoding=\"async\" width=\"1920\" height=\"650\" src=\"https:\/\/www.cuboshomes.com\/blog\/wp-content\/uploads\/2026\/02\/portada.png\" class=\"attachment-2048x2048 size-2048x2048 wp-image-4793\" alt=\"\" srcset=\"https:\/\/www.cuboshomes.com\/blog\/wp-content\/uploads\/2026\/02\/portada.png 1920w, https:\/\/www.cuboshomes.com\/blog\/wp-content\/uploads\/2026\/02\/portada-300x102.png 300w, https:\/\/www.cuboshomes.com\/blog\/wp-content\/uploads\/2026\/02\/portada-1024x347.png 1024w, https:\/\/www.cuboshomes.com\/blog\/wp-content\/uploads\/2026\/02\/portada-768x260.png 768w, https:\/\/www.cuboshomes.com\/blog\/wp-content\/uploads\/2026\/02\/portada-1536x520.png 1536w\" sizes=\"(max-width: 1920px) 100vw, 1920px\" \/><\/div><\/a>\n\t\t\t\t<div class=\"elementor-post__badge\">H\u00e9bergement<\/div>\n\t\t\t\t<div class=\"elementor-post__text\">\n\t\t\t\t<h3 class=\"elementor-post__title\">\n\t\t\t<a href=\"https:\/\/www.cuboshomes.com\/blog\/fr\/checklist-logement-touristique-gratuite\/\" >\n\t\t\t\tComment pr\u00e9parer votre logement pour la haute saison : checklist gratuite pour propri\u00e9taires\t\t\t<\/a>\n\t\t<\/h3>\n\t\t\t\t<\/div>\n\t\t\t\t<div class=\"elementor-post__meta-data\">\n\t\t\t\t\t<span class=\"elementor-post-date\">\n\t\t\t18 February, 2026\t\t<\/span>\n\t\t\t\t<\/div>\n\t\t\t\t\t<\/div>\n\t\t<\/article>\n\t\t\t\t<article class=\"elementor-post elementor-grid-item post-4748 post type-post status-publish format-standard has-post-thumbnail hentry category-non-classifiee category-proprietaires-fr category-reglements-et-lois tag-gestion-vacacional-fr tag-malaga-2-fr tag-modelonrua-fr\" role=\"listitem\">\n\t\t\t<div class=\"elementor-post__card\">\n\t\t\t\t<a class=\"elementor-post__thumbnail__link\" href=\"https:\/\/www.cuboshomes.com\/blog\/fr\/modele-informatif-nrua-2026\/\" tabindex=\"-1\" ><div class=\"elementor-post__thumbnail\"><img loading=\"lazy\" decoding=\"async\" width=\"1920\" height=\"650\" src=\"https:\/\/www.cuboshomes.com\/blog\/wp-content\/uploads\/2026\/02\/portada-NRUA.png\" class=\"attachment-2048x2048 size-2048x2048 wp-image-4735\" alt=\"\" srcset=\"https:\/\/www.cuboshomes.com\/blog\/wp-content\/uploads\/2026\/02\/portada-NRUA.png 1920w, https:\/\/www.cuboshomes.com\/blog\/wp-content\/uploads\/2026\/02\/portada-NRUA-300x102.png 300w, https:\/\/www.cuboshomes.com\/blog\/wp-content\/uploads\/2026\/02\/portada-NRUA-1024x347.png 1024w, https:\/\/www.cuboshomes.com\/blog\/wp-content\/uploads\/2026\/02\/portada-NRUA-768x260.png 768w, https:\/\/www.cuboshomes.com\/blog\/wp-content\/uploads\/2026\/02\/portada-NRUA-1536x520.png 1536w\" sizes=\"(max-width: 1920px) 100vw, 1920px\" \/><\/div><\/a>\n\t\t\t\t<div class=\"elementor-post__badge\">Non classifi\u00e9(e)<\/div>\n\t\t\t\t<div class=\"elementor-post__text\">\n\t\t\t\t<h3 class=\"elementor-post__title\">\n\t\t\t<a href=\"https:\/\/www.cuboshomes.com\/blog\/fr\/modele-informatif-nrua-2026\/\" >\n\t\t\t\tMod\u00e8le Informativo NRUA 2026 : toutes les informations \u00e0 conna\u00eetre \ud83c\udfe1\t\t\t<\/a>\n\t\t<\/h3>\n\t\t\t\t<\/div>\n\t\t\t\t<div class=\"elementor-post__meta-data\">\n\t\t\t\t\t<span class=\"elementor-post-date\">\n\t\t\t9 February, 2026\t\t<\/span>\n\t\t\t\t<\/div>\n\t\t\t\t\t<\/div>\n\t\t<\/article>\n\t\t\t\t<\/div>\n\t\t\t\t\t<span class=\"e-load-more-spinner\">\n\t\t\t\t<svg aria-hidden=\"true\" class=\"e-font-icon-svg e-fas-spinner\" viewBox=\"0 0 512 512\" xmlns=\"http:\/\/www.w3.org\/2000\/svg\"><path d=\"M304 48c0 26.51-21.49 48-48 48s-48-21.49-48-48 21.49-48 48-48 48 21.49 48 48zm-48 368c-26.51 0-48 21.49-48 48s21.49 48 48 48 48-21.49 48-48-21.49-48-48-48zm208-208c-26.51 0-48 21.49-48 48s21.49 48 48 48 48-21.49 48-48-21.49-48-48-48zM96 256c0-26.51-21.49-48-48-48S0 229.49 0 256s21.49 48 48 48 48-21.49 48-48zm12.922 99.078c-26.51 0-48 21.49-48 48s21.49 48 48 48 48-21.49 48-48c0-26.509-21.491-48-48-48zm294.156 0c-26.51 0-48 21.49-48 48s21.49 48 48 48 48-21.49 48-48c0-26.509-21.49-48-48-48zM108.922 60.922c-26.51 0-48 21.49-48 48s21.49 48 48 48 48-21.49 48-48-21.491-48-48-48z\"><\/path><\/svg>\t\t\t<\/span>\n\t\t\n\t\t\t\t<div class=\"e-load-more-anchor\" data-page=\"1\" data-max-page=\"9\" data-next-page=\"https:\/\/www.cuboshomes.com\/blog\/fr\/wp-json\/wp\/v2\/pages\/2482\/page\/2\/\"><\/div>\n\t\t\t\t<div class=\"elementor-button-wrapper\">\n\t\t\t<a class=\"elementor-button elementor-size-sm\" role=\"button\">\n\t\t\t\t\t\t<span class=\"elementor-button-content-wrapper\">\n\t\t\t\t\t\t\t\t\t<span class=\"elementor-button-text\">Cargar m\u00e1s<\/span>\n\t\t\t\t\t<\/span>\n\t\t\t\t\t<\/a>\n\t\t<\/div>\n\t\t\t\t<div class=\"e-load-more-message\"><\/div>\n\t\t\t\t\t\t<\/div>\n\t\t\t\t<\/div>\n\t\t\t\t\t<\/div>\n\t\t\t\t<\/div>\n\t\t<div class=\"elementor-element elementor-element-5f3efc3 e-flex e-con-boxed e-con e-parent\" data-id=\"5f3efc3\" data-element_type=\"container\" data-e-type=\"container\">\n\t\t\t\t\t<div class=\"e-con-inner\">\n\t\t\t\t<div class=\"elementor-element elementor-element-3fbfc8c elementor-widget elementor-widget-heading\" data-id=\"3fbfc8c\" data-element_type=\"widget\" data-e-type=\"widget\" data-widget_type=\"heading.default\">\n\t\t\t\t<div class=\"elementor-widget-container\">\n\t\t\t\t\t<h2 class=\"elementor-heading-title elementor-size-default\">R\u00e9servez vos vacances dans la province de Malaga<\/h2>\t\t\t\t<\/div>\n\t\t\t\t<\/div>\n\t\t\t\t<div class=\"elementor-element elementor-element-0ef902d elementor-widget elementor-widget-text-editor\" data-id=\"0ef902d\" data-element_type=\"widget\" data-e-type=\"widget\" data-widget_type=\"text-editor.default\">\n\t\t\t\t<div class=\"elementor-widget-container\">\n\t\t\t\t\t\t\t\t\t<div class=\"flex max-w-full flex-col flex-grow AIPRM__conversation__response\">\n<div class=\"min-h-8 text-message flex w-full flex-col items-end gap-2 whitespace-normal break-words text-start [.text-message+&amp;]:mt-5\" dir=\"auto\" data-message-author-role=\"assistant\" data-message-id=\"b52f6f79-29d1-405c-b3ef-8e88b7193558\" data-message-model-slug=\"gpt-4o\">\n<div class=\"flex w-full flex-col gap-1 empty:hidden first:pt-[3px]\">\n<div class=\"markdown prose w-full break-words dark:prose-invert light\">\n<p>D\u00e9couvrez pourquoi Cubo&#8217;s Holiday Homes est le choix pr\u00e9f\u00e9r\u00e9 pour vos vacances sur la Costa del Sol. Explorez nos propri\u00e9t\u00e9s dans des destinations uniques et r\u00e9servez d\u00e8s aujourd&#8217;hui pour profiter de la qualit\u00e9 et du confort qui nous caract\u00e9risent. Nous vous attendons !<\/p>\n<\/div>\n<\/div>\n<\/div>\n<\/div>\t\t\t\t\t\t\t\t<\/div>\n\t\t\t\t<\/div>\n\t\t\t\t\t<\/div>\n\t\t\t\t<\/div>\n\t\t<div class=\"elementor-element elementor-element-888af1b e-flex e-con-boxed e-con e-parent\" data-id=\"888af1b\" data-element_type=\"container\" data-e-type=\"container\">\n\t\t\t\t\t<div class=\"e-con-inner\">\n\t\t<div class=\"elementor-element elementor-element-324479c e-con-full e-flex e-con e-child\" data-id=\"324479c\" data-element_type=\"container\" data-e-type=\"container\">\n\t\t\t\t<div class=\"elementor-element elementor-element-0f3aa99 elementor-align-justify elementor-widget elementor-widget-button\" data-id=\"0f3aa99\" data-element_type=\"widget\" data-e-type=\"widget\" data-widget_type=\"button.default\">\n\t\t\t\t<div class=\"elementor-widget-container\">\n\t\t\t\t\t\t\t\t\t<div class=\"elementor-button-wrapper\">\n\t\t\t\t\t<a class=\"elementor-button elementor-button-link elementor-size-sm\" href=\"https:\/\/www.cuboshomes.com\/alquiler\/alquileres-mijas-pueblo-d408371\/\">\n\t\t\t\t\t\t<span class=\"elementor-button-content-wrapper\">\n\t\t\t\t\t\t\t\t\t<span class=\"elementor-button-text\">MIJAS<\/span>\n\t\t\t\t\t<\/span>\n\t\t\t\t\t<\/a>\n\t\t\t\t<\/div>\n\t\t\t\t\t\t\t\t<\/div>\n\t\t\t\t<\/div>\n\t\t\t\t<\/div>\n\t\t<div class=\"elementor-element elementor-element-f8f2a68 e-con-full e-flex e-con e-child\" data-id=\"f8f2a68\" data-element_type=\"container\" data-e-type=\"container\">\n\t\t\t\t<div class=\"elementor-element elementor-element-8063d73 elementor-align-justify elementor-widget elementor-widget-button\" data-id=\"8063d73\" data-element_type=\"widget\" data-e-type=\"widget\" data-widget_type=\"button.default\">\n\t\t\t\t<div class=\"elementor-widget-container\">\n\t\t\t\t\t\t\t\t\t<div class=\"elementor-button-wrapper\">\n\t\t\t\t\t<a class=\"elementor-button elementor-button-link elementor-size-sm\" href=\"https:\/\/www.cuboshomes.com\/alquiler\/alquileres-fuengirola-d69\/\">\n\t\t\t\t\t\t<span class=\"elementor-button-content-wrapper\">\n\t\t\t\t\t\t\t\t\t<span class=\"elementor-button-text\">FUENGIROLA<\/span>\n\t\t\t\t\t<\/span>\n\t\t\t\t\t<\/a>\n\t\t\t\t<\/div>\n\t\t\t\t\t\t\t\t<\/div>\n\t\t\t\t<\/div>\n\t\t\t\t<\/div>\n\t\t<div class=\"elementor-element elementor-element-9c4d46a e-con-full e-flex e-con e-child\" data-id=\"9c4d46a\" data-element_type=\"container\" data-e-type=\"container\">\n\t\t\t\t<div class=\"elementor-element elementor-element-2f5c023 elementor-align-justify elementor-widget elementor-widget-button\" data-id=\"2f5c023\" data-element_type=\"widget\" data-e-type=\"widget\" data-widget_type=\"button.default\">\n\t\t\t\t<div class=\"elementor-widget-container\">\n\t\t\t\t\t\t\t\t\t<div class=\"elementor-button-wrapper\">\n\t\t\t\t\t<a class=\"elementor-button elementor-button-link elementor-size-sm\" href=\"https:\/\/www.cuboshomes.com\/alquiler\/alquileres-alhaurin-el-grande-d67394\/\">\n\t\t\t\t\t\t<span class=\"elementor-button-content-wrapper\">\n\t\t\t\t\t\t\t\t\t<span class=\"elementor-button-text\">ALHAUR\u00cdN<\/span>\n\t\t\t\t\t<\/span>\n\t\t\t\t\t<\/a>\n\t\t\t\t<\/div>\n\t\t\t\t\t\t\t\t<\/div>\n\t\t\t\t<\/div>\n\t\t\t\t<\/div>\n\t\t\t\t\t<\/div>\n\t\t\t\t<\/div>\n\t\t<div class=\"elementor-element elementor-element-314e425 e-flex e-con-boxed e-con e-parent\" data-id=\"314e425\" data-element_type=\"container\" data-e-type=\"container\">\n\t\t\t\t\t<div class=\"e-con-inner\">\n\t\t<div class=\"elementor-element elementor-element-020a656 e-con-full e-flex e-con e-child\" data-id=\"020a656\" data-element_type=\"container\" data-e-type=\"container\">\n\t\t\t\t<div class=\"elementor-element elementor-element-6d6e098 elementor-align-justify elementor-widget elementor-widget-button\" data-id=\"6d6e098\" data-element_type=\"widget\" data-e-type=\"widget\" data-widget_type=\"button.default\">\n\t\t\t\t<div class=\"elementor-widget-container\">\n\t\t\t\t\t\t\t\t\t<div class=\"elementor-button-wrapper\">\n\t\t\t\t\t<a class=\"elementor-button elementor-button-link elementor-size-sm\" href=\"https:\/\/www.cuboshomes.com\/alquiler\/alquileres-torremolinos-d198\/\">\n\t\t\t\t\t\t<span class=\"elementor-button-content-wrapper\">\n\t\t\t\t\t\t\t\t\t<span class=\"elementor-button-text\">TORREMOLINOS<\/span>\n\t\t\t\t\t<\/span>\n\t\t\t\t\t<\/a>\n\t\t\t\t<\/div>\n\t\t\t\t\t\t\t\t<\/div>\n\t\t\t\t<\/div>\n\t\t\t\t<\/div>\n\t\t<div class=\"elementor-element elementor-element-5905a0d e-con-full e-flex e-con e-child\" data-id=\"5905a0d\" data-element_type=\"container\" data-e-type=\"container\">\n\t\t\t\t<div class=\"elementor-element elementor-element-5ba641f elementor-align-justify elementor-widget elementor-widget-button\" data-id=\"5ba641f\" data-element_type=\"widget\" data-e-type=\"widget\" data-widget_type=\"button.default\">\n\t\t\t\t<div class=\"elementor-widget-container\">\n\t\t\t\t\t\t\t\t\t<div class=\"elementor-button-wrapper\">\n\t\t\t\t\t<a class=\"elementor-button elementor-button-link elementor-size-sm\" href=\"https:\/\/www.cuboshomes.com\/alquiler\/alquileres-marbella-d27\/\">\n\t\t\t\t\t\t<span class=\"elementor-button-content-wrapper\">\n\t\t\t\t\t\t\t\t\t<span class=\"elementor-button-text\">MARBELLA<\/span>\n\t\t\t\t\t<\/span>\n\t\t\t\t\t<\/a>\n\t\t\t\t<\/div>\n\t\t\t\t\t\t\t\t<\/div>\n\t\t\t\t<\/div>\n\t\t\t\t<\/div>\n\t\t<div class=\"elementor-element elementor-element-3a5054c e-con-full e-flex e-con e-child\" data-id=\"3a5054c\" data-element_type=\"container\" data-e-type=\"container\">\n\t\t\t\t<div class=\"elementor-element elementor-element-64c2a77 elementor-align-justify elementor-widget elementor-widget-button\" data-id=\"64c2a77\" data-element_type=\"widget\" data-e-type=\"widget\" data-widget_type=\"button.default\">\n\t\t\t\t<div class=\"elementor-widget-container\">\n\t\t\t\t\t\t\t\t\t<div class=\"elementor-button-wrapper\">\n\t\t\t\t\t<a class=\"elementor-button elementor-button-link elementor-size-sm\" href=\"https:\/\/www.cuboshomes.com\/alquiler\/alquileres-malaga-d980\/\">\n\t\t\t\t\t\t<span class=\"elementor-button-content-wrapper\">\n\t\t\t\t\t\t\t\t\t<span class=\"elementor-button-text\">M\u00c1LAGA<\/span>\n\t\t\t\t\t<\/span>\n\t\t\t\t\t<\/a>\n\t\t\t\t<\/div>\n\t\t\t\t\t\t\t\t<\/div>\n\t\t\t\t<\/div>\n\t\t\t\t<\/div>\n\t\t\t\t\t<\/div>\n\t\t\t\t<\/div>\n\t\t<div class=\"elementor-element elementor-element-2b3536b e-flex e-con-boxed e-con e-parent\" data-id=\"2b3536b\" data-element_type=\"container\" data-e-type=\"container\">\n\t\t\t\t\t<div class=\"e-con-inner\">\n\t\t<div class=\"elementor-element elementor-element-eb910a5 e-con-full e-flex e-con e-child\" data-id=\"eb910a5\" data-element_type=\"container\" data-e-type=\"container\">\n\t\t<div class=\"elementor-element elementor-element-118ac02 e-con-full e-flex e-con e-child\" data-id=\"118ac02\" data-element_type=\"container\" data-e-type=\"container\">\n\t\t\t\t<div class=\"elementor-element elementor-element-be1c268 elementor-align-justify elementor-widget elementor-widget-button\" data-id=\"be1c268\" data-element_type=\"widget\" data-e-type=\"widget\" data-widget_type=\"button.default\">\n\t\t\t\t<div class=\"elementor-widget-container\">\n\t\t\t\t\t\t\t\t\t<div class=\"elementor-button-wrapper\">\n\t\t\t\t\t<a class=\"elementor-button elementor-button-link elementor-size-sm\" href=\"https:\/\/www.cuboshomes.com\/fr\/location\/locations-alhaurin-de-la-torre-d623\/\">\n\t\t\t\t\t\t<span class=\"elementor-button-content-wrapper\">\n\t\t\t\t\t\t\t\t\t<span class=\"elementor-button-text\">ALAHUR\u00cdN DE LA TORRE<\/span>\n\t\t\t\t\t<\/span>\n\t\t\t\t\t<\/a>\n\t\t\t\t<\/div>\n\t\t\t\t\t\t\t\t<\/div>\n\t\t\t\t<\/div>\n\t\t\t\t<\/div>\n\t\t<div class=\"elementor-element elementor-element-1efddf6 e-con-full e-flex e-con e-child\" data-id=\"1efddf6\" data-element_type=\"container\" data-e-type=\"container\">\n\t\t\t\t<div class=\"elementor-element elementor-element-c1848ac elementor-align-justify elementor-widget elementor-widget-button\" data-id=\"c1848ac\" data-element_type=\"widget\" data-e-type=\"widget\" data-widget_type=\"button.default\">\n\t\t\t\t<div class=\"elementor-widget-container\">\n\t\t\t\t\t\t\t\t\t<div class=\"elementor-button-wrapper\">\n\t\t\t\t\t<a class=\"elementor-button elementor-button-link elementor-size-sm\" href=\"https:\/\/www.cuboshomes.com\/fr\/location\/locations-coin-d868\/\">\n\t\t\t\t\t\t<span class=\"elementor-button-content-wrapper\">\n\t\t\t\t\t\t\t\t\t<span class=\"elementor-button-text\">CO\u00cdN<\/span>\n\t\t\t\t\t<\/span>\n\t\t\t\t\t<\/a>\n\t\t\t\t<\/div>\n\t\t\t\t\t\t\t\t<\/div>\n\t\t\t\t<\/div>\n\t\t\t\t<\/div>\n\t\t<div class=\"elementor-element elementor-element-43312d3 e-con-full e-flex e-con e-child\" data-id=\"43312d3\" data-element_type=\"container\" data-e-type=\"container\">\n\t\t\t\t<div class=\"elementor-element elementor-element-20255b4 elementor-align-justify elementor-widget elementor-widget-button\" data-id=\"20255b4\" data-element_type=\"widget\" data-e-type=\"widget\" data-widget_type=\"button.default\">\n\t\t\t\t<div class=\"elementor-widget-container\">\n\t\t\t\t\t\t\t\t\t<div class=\"elementor-button-wrapper\">\n\t\t\t\t\t<a class=\"elementor-button elementor-button-link elementor-size-sm\" href=\"https:\/\/www.cuboshomes.com\/fr\/location\/locations-cartama-d459404\/\">\n\t\t\t\t\t\t<span class=\"elementor-button-content-wrapper\">\n\t\t\t\t\t\t\t\t\t<span class=\"elementor-button-text\">C\u00c1RTAMA<\/span>\n\t\t\t\t\t<\/span>\n\t\t\t\t\t<\/a>\n\t\t\t\t<\/div>\n\t\t\t\t\t\t\t\t<\/div>\n\t\t\t\t<\/div>\n\t\t\t\t<\/div>\n\t\t\t\t<\/div>\n\t\t\t\t\t<\/div>\n\t\t\t\t<\/div>\n\t\t<div class=\"elementor-element elementor-element-ab6e799 e-flex e-con-boxed e-con e-parent\" data-id=\"ab6e799\" data-element_type=\"container\" data-e-type=\"container\">\n\t\t\t\t\t<div class=\"e-con-inner\">\n\t\t<div class=\"elementor-element elementor-element-4b91b18 e-con-full e-flex e-con e-child\" data-id=\"4b91b18\" data-element_type=\"container\" data-e-type=\"container\">\n\t\t\t\t<div class=\"elementor-element elementor-element-b97793a elementor-widget elementor-widget-heading\" data-id=\"b97793a\" data-element_type=\"widget\" data-e-type=\"widget\" data-widget_type=\"heading.default\">\n\t\t\t\t<div class=\"elementor-widget-container\">\n\t\t\t\t\t<h2 class=\"elementor-heading-title elementor-size-default\">Explorez nos cat\u00e9gories<\/h2>\t\t\t\t<\/div>\n\t\t\t\t<\/div>\n\t\t\t\t<\/div>\n\t\t\t\t\t<\/div>\n\t\t\t\t<\/div>\n\t\t<div class=\"elementor-element elementor-element-71df6d0 e-flex e-con-boxed e-con e-parent\" data-id=\"71df6d0\" data-element_type=\"container\" data-e-type=\"container\">\n\t\t\t\t\t<div class=\"e-con-inner\">\n\t\t<div class=\"elementor-element elementor-element-9c4f1b3 e-con-full e-flex e-con e-child\" data-id=\"9c4f1b3\" data-element_type=\"container\" data-e-type=\"container\">\n\t\t\t\t<div class=\"elementor-element elementor-element-ae3b688 elementor-widget elementor-widget-shortcode\" data-id=\"ae3b688\" data-element_type=\"widget\" data-e-type=\"widget\" data-widget_type=\"shortcode.default\">\n\t\t\t\t<div class=\"elementor-widget-container\">\n\t\t\t\t\t\t\t<div class=\"elementor-shortcode\"><ul class=\"lista-de-categorias\"><li class=\"categoria-item\"><a href=\"https:\/\/www.cuboshomes.com\/blog\/fr\/category\/compras-fr\/\">Achats<\/a><\/li><li class=\"categoria-item\"><a href=\"https:\/\/www.cuboshomes.com\/blog\/fr\/category\/cultura-fr\/\">Culture<\/a><\/li><li class=\"categoria-item\"><a href=\"https:\/\/www.cuboshomes.com\/blog\/fr\/category\/ocio-fr\/\">Divertissement<\/a><\/li><li class=\"categoria-item\"><a href=\"https:\/\/www.cuboshomes.com\/blog\/fr\/category\/gastronomy-fr\/\">Gastronomie<\/a><\/li><li class=\"categoria-item\"><a href=\"https:\/\/www.cuboshomes.com\/blog\/fr\/category\/alojamientos-fr\/\">H\u00e9bergement<\/a><\/li><li class=\"categoria-item\"><a href=\"https:\/\/www.cuboshomes.com\/blog\/fr\/category\/historia-fr\/\">Histoire<\/a><\/li><li class=\"categoria-item\"><a href=\"https:\/\/www.cuboshomes.com\/blog\/fr\/category\/lequipe-de-cubo\/\">L'\u00e9quipe de Cubo<\/a><\/li><li class=\"categoria-item\"><a href=\"https:\/\/www.cuboshomes.com\/blog\/fr\/category\/le-guide-du-voyageur\/\">Le guide du voyageur<\/a><\/li><li class=\"categoria-item\"><a href=\"https:\/\/www.cuboshomes.com\/blog\/fr\/category\/lugares-fr\/\">Lieux<\/a><\/li><li class=\"categoria-item\"><a href=\"https:\/\/www.cuboshomes.com\/blog\/fr\/category\/lifestyle-fr\/\">Lifestyle<\/a><\/li><li class=\"categoria-item\"><a href=\"https:\/\/www.cuboshomes.com\/blog\/fr\/category\/proprietaires-fr\/\">Propri\u00e9taires<\/a><\/li><li class=\"categoria-item\"><a href=\"https:\/\/www.cuboshomes.com\/blog\/fr\/category\/reglements-et-lois\/\">R\u00e8glements et lois<\/a><\/li><\/ul><\/div>\n\t\t\t\t\t\t<\/div>\n\t\t\t\t<\/div>\n\t\t\t\t<\/div>\n\t\t\t\t\t<\/div>\n\t\t\t\t<\/div>\n\t\t\t\t<\/div>\n\t\t","protected":false},"excerpt":{"rendered":"<p>Cubo&#8217;s Holiday Homes: Leader de la location de vacances dans le sud de l&#8217;Andalousie Le sud de l&#8217;Espagne est l&#8217;une des destinations les plus pris\u00e9es pour profiter de vacances inoubliables, gr\u00e2ce \u00e0 son climat privil\u00e9gi\u00e9, ses plages spectaculaires et sa riche culture. Chez Cubo&#8217;s Holiday Homes, nous nous sp\u00e9cialisons dans<\/p>\n","protected":false},"author":5,"featured_media":2477,"parent":0,"menu_order":0,"comment_status":"closed","ping_status":"closed","template":"","meta":{"footnotes":""},"class_list":["post-2482","page","type-page","status-publish","has-post-thumbnail","hentry"],"yoast_head":"<!-- This site is optimized with the Yoast SEO plugin v25.3 - https:\/\/yoast.com\/wordpress\/plugins\/seo\/ -->\n<title>Cubos Home Blog : Vacances sur la Costa del Sol - Blog Cubo&#039;s Holiday Homes<\/title>\n<meta name=\"robots\" content=\"index, follow, max-snippet:-1, max-image-preview:large, max-video-preview:-1\" \/>\n<link rel=\"canonical\" href=\"https:\/\/www.cuboshomes.com\/blog\/fr\/\" \/>\n<meta property=\"og:locale\" content=\"fr_FR\" \/>\n<meta property=\"og:type\" content=\"article\" \/>\n<meta property=\"og:title\" content=\"Cubos Home Blog : Vacances sur la Costa del Sol - Blog Cubo&#039;s Holiday Homes\" \/>\n<meta property=\"og:description\" content=\"Cubo&#8217;s Holiday Homes: Leader de la location de vacances dans le sud de l&#8217;Andalousie Le sud de l&#8217;Espagne est l&#8217;une des destinations les plus pris\u00e9es pour profiter de vacances inoubliables, gr\u00e2ce \u00e0 son climat privil\u00e9gi\u00e9, ses plages spectaculaires et sa riche culture. Chez Cubo&#8217;s Holiday Homes, nous nous sp\u00e9cialisons dans\" \/>\n<meta property=\"og:url\" content=\"https:\/\/www.cuboshomes.com\/blog\/fr\/\" \/>\n<meta property=\"og:site_name\" content=\"Blog Cubo&#039;s Holiday Homes\" \/>\n<meta property=\"article:modified_time\" content=\"2025-02-18T09:05:52+00:00\" \/>\n<meta property=\"og:image\" content=\"https:\/\/www.cuboshomes.com\/blog\/wp-content\/uploads\/2024\/12\/malaga-1.webp\" \/>\n\t<meta property=\"og:image:width\" content=\"1920\" \/>\n\t<meta property=\"og:image:height\" content=\"650\" \/>\n\t<meta property=\"og:image:type\" content=\"image\/webp\" \/>\n<meta name=\"twitter:card\" content=\"summary_large_image\" \/>\n<meta name=\"twitter:label1\" content=\"Est. reading time\" \/>\n\t<meta name=\"twitter:data1\" content=\"3 minutes\" \/>\n<script type=\"application\/ld+json\" class=\"yoast-schema-graph\">{\"@context\":\"https:\/\/schema.org\",\"@graph\":[{\"@type\":\"WebPage\",\"@id\":\"https:\/\/www.cuboshomes.com\/blog\/fr\/\",\"url\":\"https:\/\/www.cuboshomes.com\/blog\/fr\/\",\"name\":\"Cubos Home Blog : Vacances sur la Costa del Sol - Blog Cubo&#039;s Holiday Homes\",\"isPartOf\":{\"@id\":\"https:\/\/www.cuboshomes.com\/blog\/fr\/#website\"},\"primaryImageOfPage\":{\"@id\":\"https:\/\/www.cuboshomes.com\/blog\/fr\/#primaryimage\"},\"image\":{\"@id\":\"https:\/\/www.cuboshomes.com\/blog\/fr\/#primaryimage\"},\"thumbnailUrl\":\"https:\/\/www.cuboshomes.com\/blog\/wp-content\/uploads\/2024\/12\/malaga-1.webp\",\"datePublished\":\"2024-12-19T16:02:52+00:00\",\"dateModified\":\"2025-02-18T09:05:52+00:00\",\"breadcrumb\":{\"@id\":\"https:\/\/www.cuboshomes.com\/blog\/fr\/#breadcrumb\"},\"inLanguage\":\"fr\",\"potentialAction\":[{\"@type\":\"ReadAction\",\"target\":[\"https:\/\/www.cuboshomes.com\/blog\/fr\/\"]}]},{\"@type\":\"ImageObject\",\"inLanguage\":\"fr\",\"@id\":\"https:\/\/www.cuboshomes.com\/blog\/fr\/#primaryimage\",\"url\":\"https:\/\/www.cuboshomes.com\/blog\/wp-content\/uploads\/2024\/12\/malaga-1.webp\",\"contentUrl\":\"https:\/\/www.cuboshomes.com\/blog\/wp-content\/uploads\/2024\/12\/malaga-1.webp\",\"width\":1920,\"height\":650},{\"@type\":\"BreadcrumbList\",\"@id\":\"https:\/\/www.cuboshomes.com\/blog\/fr\/#breadcrumb\",\"itemListElement\":[{\"@type\":\"ListItem\",\"position\":1,\"name\":\"Portada\",\"item\":\"https:\/\/www.cuboshomes.com\/blog\/fr\/cubos-home-blog-vacances-sur-la-costa-del-sol\/\"},{\"@type\":\"ListItem\",\"position\":2,\"name\":\"Cubos Home Blog : Vacances sur la Costa del Sol\"}]},{\"@type\":\"WebSite\",\"@id\":\"https:\/\/www.cuboshomes.com\/blog\/fr\/#website\",\"url\":\"https:\/\/www.cuboshomes.com\/blog\/fr\/\",\"name\":\"Blog Cubo&#039;s Holiday Homes\",\"description\":\"\",\"potentialAction\":[{\"@type\":\"SearchAction\",\"target\":{\"@type\":\"EntryPoint\",\"urlTemplate\":\"https:\/\/www.cuboshomes.com\/blog\/fr\/?s={search_term_string}\"},\"query-input\":{\"@type\":\"PropertyValueSpecification\",\"valueRequired\":true,\"valueName\":\"search_term_string\"}}],\"inLanguage\":\"fr\"}]}<\/script>\n<!-- \/ Yoast SEO plugin. -->","yoast_head_json":{"title":"Cubos Home Blog : Vacances sur la Costa del Sol - Blog Cubo&#039;s Holiday Homes","robots":{"index":"index","follow":"follow","max-snippet":"max-snippet:-1","max-image-preview":"max-image-preview:large","max-video-preview":"max-video-preview:-1"},"canonical":"https:\/\/www.cuboshomes.com\/blog\/fr\/","og_locale":"fr_FR","og_type":"article","og_title":"Cubos Home Blog : Vacances sur la Costa del Sol - Blog Cubo&#039;s Holiday Homes","og_description":"Cubo&#8217;s Holiday Homes: Leader de la location de vacances dans le sud de l&#8217;Andalousie Le sud de l&#8217;Espagne est l&#8217;une des destinations les plus pris\u00e9es pour profiter de vacances inoubliables, gr\u00e2ce \u00e0 son climat privil\u00e9gi\u00e9, ses plages spectaculaires et sa riche culture. Chez Cubo&#8217;s Holiday Homes, nous nous sp\u00e9cialisons dans","og_url":"https:\/\/www.cuboshomes.com\/blog\/fr\/","og_site_name":"Blog Cubo&#039;s Holiday Homes","article_modified_time":"2025-02-18T09:05:52+00:00","og_image":[{"width":1920,"height":650,"url":"https:\/\/www.cuboshomes.com\/blog\/wp-content\/uploads\/2024\/12\/malaga-1.webp","type":"image\/webp"}],"twitter_card":"summary_large_image","twitter_misc":{"Est. reading time":"3 minutes"},"schema":{"@context":"https:\/\/schema.org","@graph":[{"@type":"WebPage","@id":"https:\/\/www.cuboshomes.com\/blog\/fr\/","url":"https:\/\/www.cuboshomes.com\/blog\/fr\/","name":"Cubos Home Blog : Vacances sur la Costa del Sol - Blog Cubo&#039;s Holiday Homes","isPartOf":{"@id":"https:\/\/www.cuboshomes.com\/blog\/fr\/#website"},"primaryImageOfPage":{"@id":"https:\/\/www.cuboshomes.com\/blog\/fr\/#primaryimage"},"image":{"@id":"https:\/\/www.cuboshomes.com\/blog\/fr\/#primaryimage"},"thumbnailUrl":"https:\/\/www.cuboshomes.com\/blog\/wp-content\/uploads\/2024\/12\/malaga-1.webp","datePublished":"2024-12-19T16:02:52+00:00","dateModified":"2025-02-18T09:05:52+00:00","breadcrumb":{"@id":"https:\/\/www.cuboshomes.com\/blog\/fr\/#breadcrumb"},"inLanguage":"fr","potentialAction":[{"@type":"ReadAction","target":["https:\/\/www.cuboshomes.com\/blog\/fr\/"]}]},{"@type":"ImageObject","inLanguage":"fr","@id":"https:\/\/www.cuboshomes.com\/blog\/fr\/#primaryimage","url":"https:\/\/www.cuboshomes.com\/blog\/wp-content\/uploads\/2024\/12\/malaga-1.webp","contentUrl":"https:\/\/www.cuboshomes.com\/blog\/wp-content\/uploads\/2024\/12\/malaga-1.webp","width":1920,"height":650},{"@type":"BreadcrumbList","@id":"https:\/\/www.cuboshomes.com\/blog\/fr\/#breadcrumb","itemListElement":[{"@type":"ListItem","position":1,"name":"Portada","item":"https:\/\/www.cuboshomes.com\/blog\/fr\/cubos-home-blog-vacances-sur-la-costa-del-sol\/"},{"@type":"ListItem","position":2,"name":"Cubos Home Blog : Vacances sur la Costa del Sol"}]},{"@type":"WebSite","@id":"https:\/\/www.cuboshomes.com\/blog\/fr\/#website","url":"https:\/\/www.cuboshomes.com\/blog\/fr\/","name":"Blog Cubo&#039;s Holiday Homes","description":"","potentialAction":[{"@type":"SearchAction","target":{"@type":"EntryPoint","urlTemplate":"https:\/\/www.cuboshomes.com\/blog\/fr\/?s={search_term_string}"},"query-input":{"@type":"PropertyValueSpecification","valueRequired":true,"valueName":"search_term_string"}}],"inLanguage":"fr"}]}},"_links":{"self":[{"href":"https:\/\/www.cuboshomes.com\/blog\/fr\/wp-json\/wp\/v2\/pages\/2482","targetHints":{"allow":["GET"]}}],"collection":[{"href":"https:\/\/www.cuboshomes.com\/blog\/fr\/wp-json\/wp\/v2\/pages"}],"about":[{"href":"https:\/\/www.cuboshomes.com\/blog\/fr\/wp-json\/wp\/v2\/types\/page"}],"author":[{"embeddable":true,"href":"https:\/\/www.cuboshomes.com\/blog\/fr\/wp-json\/wp\/v2\/users\/5"}],"replies":[{"embeddable":true,"href":"https:\/\/www.cuboshomes.com\/blog\/fr\/wp-json\/wp\/v2\/comments?post=2482"}],"version-history":[{"count":13,"href":"https:\/\/www.cuboshomes.com\/blog\/fr\/wp-json\/wp\/v2\/pages\/2482\/revisions"}],"predecessor-version":[{"id":2829,"href":"https:\/\/www.cuboshomes.com\/blog\/fr\/wp-json\/wp\/v2\/pages\/2482\/revisions\/2829"}],"wp:featuredmedia":[{"embeddable":true,"href":"https:\/\/www.cuboshomes.com\/blog\/fr\/wp-json\/wp\/v2\/media\/2477"}],"wp:attachment":[{"href":"https:\/\/www.cuboshomes.com\/blog\/fr\/wp-json\/wp\/v2\/media?parent=2482"}],"curies":[{"name":"wp","href":"https:\/\/api.w.org\/{rel}","templated":true}]}}